{"id":43,"date":"2023-09-10T19:26:42","date_gmt":"2023-09-10T17:26:42","guid":{"rendered":"https:\/\/foerderkreis-gw.de\/?page_id=43"},"modified":"2024-10-28T11:48:20","modified_gmt":"2024-10-28T10:48:20","slug":"historie-des-foerderkreises-gw","status":"publish","type":"page","link":"https:\/\/foerderkreis-gw.de\/?page_id=43","title":{"rendered":"Historie des F\u00f6rderkreises GW"},"content":{"rendered":"\n<figure class=\"wp-block-pullquote\"><blockquote><p>&#8222;Zweck des Vereins ist die F\u00f6rderung der Ausbildung und Weiterbildung von Studenten und Jungingenieuren.&#8220;<\/p><cite>Satzung vom 26.Januar 1987<\/cite><\/blockquote><\/figure>\n\n\n\n<p>Mit diesem Ziel wurde der F\u00f6rderkreis Gie\u00dferei- und Werkstofftechnik am 26. Januar 1987 durch die erste Mitgliederversammlung gegr\u00fcndet. Diese fand damals in den R\u00e4umen der Fachhochschule Friedberg (heute THM &#8211; Campus Friedberg) satt. <\/p>\n\n\n\n<figure class=\"wp-block-image size-large\"><img loading=\"lazy\" decoding=\"async\" width=\"1024\" height=\"234\" src=\"https:\/\/foerderkreis-gw.de\/wp-content\/uploads\/2023\/10\/Satzung_Unterschriften-1024x234.jpg\" alt=\"\" class=\"wp-image-97\" srcset=\"https:\/\/foerderkreis-gw.de\/wp-content\/uploads\/2023\/10\/Satzung_Unterschriften-1024x234.jpg 1024w, https:\/\/foerderkreis-gw.de\/wp-content\/uploads\/2023\/10\/Satzung_Unterschriften-300x69.jpg 300w, https:\/\/foerderkreis-gw.de\/wp-content\/uploads\/2023\/10\/Satzung_Unterschriften-768x176.jpg 768w, https:\/\/foerderkreis-gw.de\/wp-content\/uploads\/2023\/10\/Satzung_Unterschriften-1536x351.jpg 1536w, https:\/\/foerderkreis-gw.de\/wp-content\/uploads\/2023\/10\/Satzung_Unterschriften-2048x468.jpg 2048w, https:\/\/foerderkreis-gw.de\/wp-content\/uploads\/2023\/10\/Satzung_Unterschriften-500x114.jpg 500w\" sizes=\"auto, (max-width: 1024px) 100vw, 1024px\" \/><figcaption class=\"wp-element-caption\">Unterschriften der zw\u00f6lft Gr\u00fcndungsmittglieder auf der Satzung vom 26. Januar 1987.<\/figcaption><\/figure>\n\n\n\n<p>Zw\u00f6lf Gr\u00fcndungsmittglieder nahmen daran teil, die einstimmig der Satzung und dem Vorstand zustimmten.<\/p>\n\n\n\n<figure class=\"wp-block-table\"><table><tbody><tr><td class=\"has-text-align-right\" data-align=\"right\">Gesch\u00e4ftsf\u00fchrerin:<\/td><td class=\"has-text-align-left\" data-align=\"left\">Sybille Hartmann-Raffelsiefen <\/td><td><\/td><\/tr><tr><td class=\"has-text-align-right\" data-align=\"right\">Schatzmeister:<\/td><td class=\"has-text-align-left\" data-align=\"left\">Prof. Dr. J\u00fcrgen Fehling<\/td><td><\/td><\/tr><tr><td class=\"has-text-align-right\" data-align=\"right\">Schriftf\u00fchrer:<\/td><td class=\"has-text-align-left\" data-align=\"left\">Prof. Dr. Helmut Brand<\/td><td><\/td><\/tr><\/tbody><\/table><figcaption class=\"wp-element-caption\">Erster Vorstand des F\u00f6rdervereins GW<\/figcaption><\/figure>\n\n\n\n<p>Seit der G\u00fcndung vor \u00fcber 35 Jahren hat sich das Grundziel des F\u00f6rderkreises: <em>die Unterst\u00fctzung von Studierenden und Jungingenieurinnen und -ingeneuren<\/em>, nicht ver\u00e4ndert. Auch wenn der namesgebene Studiengang Werkstofftechnologie und Gie\u00dfereitechnik im Jahre 2004 ausgelaufen ist, sind die damaligen Mitglieder, sowie die Absolventinnen und Absolventen dem F\u00f6rderkreis immernoch bis heute treu geblieben. Daher darf die j\u00e4hrlich stattfindende Barbara-Tagung, welche zu Ehren der Schutzpatrotin, der heiligen Barbara, ausgerichtet wird, immer noch viele Personen aus der Gie\u00dferei- und Werkstofftechnik begr\u00fc\u00dfen.<br><br>Zum Wintersemester 1996\/1997 startete der Studiengang Physikalische Technik (inzwischen umbenannt in Angewandte Physik) am Fachbereich MND in Friedberg. Dieser ist seitdem fest mit dem F\u00f6rderkreis verbunden und dessen Studierende erhalten hierdurch unter anderem Unterst\u00fcztung bei diversern Veranstatlungen (z.B. Phyisk-Camp oder Solarversuch). Somit hat sich auch der Kreis der Teilnehmer und das Programm der Barbara-Tagung \u00fcber die Jahre um diese Fachrichtung erweitert.<br><br>Inzwischen f\u00f6rdert der F\u00f6rderkreis nicht nur Studierende und junge Absolven*innen, sondern ebense Projekte (z.B. Girls-Day) die sich an Sch\u00fcler*innen wenden. Hierdurch soll bereits fr\u00fch Interesse f\u00fcr sogenannte MINT-Berufe (Mathematik, Informatik, Naturwissenschaft und Technik) geweckt werden, um so dem Fachkr\u00e4ftemangel (egal ob nach der Schule eine technische Ausbildung oder Studium absolviert wird) entgegen zuwirken. <\/p>\n\n\n\n<p>Im Weiteren sind die Meilensteine des F\u00f6rderkeises, sowie die Historie der Vorst\u00e4nde aufgelistet.  <\/p>\n\n\n\n<div class=\"wp-block-group\"><div class=\"wp-block-group__inner-container is-layout-constrained wp-block-group-is-layout-constrained\">\n<h2 class=\"wp-block-heading\">Meilensteine des F\u00f6rderkreises und der Barbara-Tagung<\/h2>\n\n\n\n<details class=\"wp-block-details is-layout-flow wp-block-details-is-layout-flow\"><summary>2023 &#8211; Friedberger Geist: Wiederaufnahme einer &#8222;alten&#8220; Tradition<\/summary>\n<p>Im Jahr 2023 nahm der F\u00f6rderkreis GW eine alte Tradition wieder auf. Die <a href=\"https:\/\/foerderkreis-gw.de\/?p=197\" data-type=\"link\" data-id=\"https:\/\/foerderkreis-gw.de\/?p=197\">Verleihung<\/a> des Friedberger Geistes erfolgte an Personen, die sich am Standort Friedberg \u00fcberdurchschnittlich und pers\u00f6nlich engagiert haben. Der letzte Friedberger Geist wurde im Jahr 2010, damals noch vom \u00f6rtlichen Personalrat Friedberg, verliehen.<\/p>\n<\/details>\n\n\n\n<details class=\"wp-block-details is-layout-flow wp-block-details-is-layout-flow\"><summary>2022 &#8211; Ehrung Walter Fehr<\/summary>\n<p>&nbsp;<\/p>\n<p style=\"padding-left: 40px;\">Walter Fehr war langj\u00e4hriges Mitglied der Hochschule in Friedberg und ist eines der zw\u00f6lf Gr\u00fcndungsmitglieder des F\u00f6rderkreises GW. Ebenso war er seit Beginn im Vorstand des F\u00f6rderkreises als stellvertretender Schatzmeister bis 1997 und ab 1997 bis heute als Schatzmeister aktiv.<\/p>\n<p>&nbsp;<\/p>\n\n\n<div class=\"wp-block-image is-style-default\">\n<figure class=\"aligncenter size-full is-resized\"><img loading=\"lazy\" decoding=\"async\" width=\"754\" height=\"1005\" src=\"https:\/\/foerderkreis-gw.de\/wp-content\/uploads\/2023\/10\/221201_KS_WFehr_2.jpg\" alt=\"\" class=\"wp-image-138\" style=\"object-fit:contain;width:undefinedpx;height:300px\" srcset=\"https:\/\/foerderkreis-gw.de\/wp-content\/uploads\/2023\/10\/221201_KS_WFehr_2.jpg 754w, https:\/\/foerderkreis-gw.de\/wp-content\/uploads\/2023\/10\/221201_KS_WFehr_2-225x300.jpg 225w\" sizes=\"auto, (max-width: 754px) 100vw, 754px\" \/><figcaption class=\"wp-element-caption\">Foto: Klaus Schmidt<\/figcaption><\/figure>\n<\/div><\/details>\n\n\n\n<details class=\"wp-block-details is-layout-flow wp-block-details-is-layout-flow\"><summary>2016 &#8211; 20 Jahre Physikalische Technik<\/summary>\n<p>Am 17. November 2016 feierte der F\u00f6rderkreis das 20-j\u00e4rhrige Bestehen des Studiengangs Physikalische Technik. <\/p>\n\n\n<div class=\"wp-block-image\">\n<figure class=\"aligncenter size-large is-resized\"><img loading=\"lazy\" decoding=\"async\" width=\"1024\" height=\"683\" src=\"https:\/\/foerderkreis-gw.de\/wp-content\/uploads\/2024\/10\/IMG_1693-3-1024x683.jpg\" alt=\"\" class=\"wp-image-568\" style=\"width:auto;height:300px\" srcset=\"https:\/\/foerderkreis-gw.de\/wp-content\/uploads\/2024\/10\/IMG_1693-3-1024x683.jpg 1024w, https:\/\/foerderkreis-gw.de\/wp-content\/uploads\/2024\/10\/IMG_1693-3-300x200.jpg 300w, https:\/\/foerderkreis-gw.de\/wp-content\/uploads\/2024\/10\/IMG_1693-3-768x512.jpg 768w, https:\/\/foerderkreis-gw.de\/wp-content\/uploads\/2024\/10\/IMG_1693-3-1536x1024.jpg 1536w, https:\/\/foerderkreis-gw.de\/wp-content\/uploads\/2024\/10\/IMG_1693-3-2048x1365.jpg 2048w, https:\/\/foerderkreis-gw.de\/wp-content\/uploads\/2024\/10\/IMG_1693-3-450x300.jpg 450w\" sizes=\"auto, (max-width: 1024px) 100vw, 1024px\" \/><\/figure>\n<\/div>\n\n<div class=\"wp-block-image\">\n<figure class=\"aligncenter size-large is-resized\"><img loading=\"lazy\" decoding=\"async\" width=\"1024\" height=\"683\" src=\"https:\/\/foerderkreis-gw.de\/wp-content\/uploads\/2024\/10\/IMG_1774-1024x683.jpg\" alt=\"\" class=\"wp-image-569\" style=\"width:auto;height:300px\" srcset=\"https:\/\/foerderkreis-gw.de\/wp-content\/uploads\/2024\/10\/IMG_1774-1024x683.jpg 1024w, https:\/\/foerderkreis-gw.de\/wp-content\/uploads\/2024\/10\/IMG_1774-300x200.jpg 300w, https:\/\/foerderkreis-gw.de\/wp-content\/uploads\/2024\/10\/IMG_1774-768x512.jpg 768w, https:\/\/foerderkreis-gw.de\/wp-content\/uploads\/2024\/10\/IMG_1774-1536x1024.jpg 1536w, https:\/\/foerderkreis-gw.de\/wp-content\/uploads\/2024\/10\/IMG_1774-2048x1365.jpg 2048w, https:\/\/foerderkreis-gw.de\/wp-content\/uploads\/2024\/10\/IMG_1774-450x300.jpg 450w\" sizes=\"auto, (max-width: 1024px) 100vw, 1024px\" \/><\/figure>\n<\/div>\n\n\n<p><\/p>\n<\/details>\n\n\n\n<details class=\"wp-block-details is-layout-flow wp-block-details-is-layout-flow\"><summary>2014 &#8211; 50 Jahre Barbara-Tagung<\/summary>\n<p>&#8230;<\/p>\n<\/details>\n\n\n\n<details class=\"wp-block-details is-layout-flow wp-block-details-is-layout-flow\"><summary>2006 &#8211; 10 Jahre Physikalische Technik<\/summary>\n<p>Am 10. November 2006 wurde das 10-j\u00e4hrige Bestehen des Studiengangs Physikalische Technik am Fachbereich MND gefeiert.<\/p>\n\n\n<div class=\"wp-block-image\">\n<figure class=\"aligncenter size-full is-resized\"><img loading=\"lazy\" decoding=\"async\" width=\"613\" height=\"853\" src=\"https:\/\/foerderkreis-gw.de\/wp-content\/uploads\/2024\/10\/Screenshot-2024-10-27-183704.png\" alt=\"\" class=\"wp-image-571\" style=\"width:auto;height:600px\" srcset=\"https:\/\/foerderkreis-gw.de\/wp-content\/uploads\/2024\/10\/Screenshot-2024-10-27-183704.png 613w, https:\/\/foerderkreis-gw.de\/wp-content\/uploads\/2024\/10\/Screenshot-2024-10-27-183704-216x300.png 216w\" sizes=\"auto, (max-width: 613px) 100vw, 613px\" \/><\/figure>\n<\/div><\/details>\n\n\n\n<details class=\"wp-block-details is-layout-flow wp-block-details-is-layout-flow\"><summary>2000 &#8211; 35-mal Barbara-Tagung<\/summary>\n<p>&nbsp;<\/p>\n<p style=\"padding-left: 40px;\">Am 24. November 2000 findet die Barbara-Tagung in Friedberg zum 35. Mal statt. Die Tagung wurde ausgerichtet vom F\u00f6rderkreis GW und von der Landesgruppe Hessen des Vereins Deutscher Gie\u00dfereifachleute (VDG).<\/p>\n<p>&nbsp;<\/p>\n\n\n<div class=\"wp-block-image is-style-default\">\n<figure class=\"aligncenter size-large is-resized\"><img loading=\"lazy\" decoding=\"async\" width=\"1024\" height=\"607\" src=\"https:\/\/foerderkreis-gw.de\/wp-content\/uploads\/2023\/10\/Barbaratagung_2000-1024x607.jpg\" alt=\"\" class=\"wp-image-117\" style=\"width:508px;height:301px\" srcset=\"https:\/\/foerderkreis-gw.de\/wp-content\/uploads\/2023\/10\/Barbaratagung_2000-1024x607.jpg 1024w, https:\/\/foerderkreis-gw.de\/wp-content\/uploads\/2023\/10\/Barbaratagung_2000-300x178.jpg 300w, https:\/\/foerderkreis-gw.de\/wp-content\/uploads\/2023\/10\/Barbaratagung_2000-768x455.jpg 768w, https:\/\/foerderkreis-gw.de\/wp-content\/uploads\/2023\/10\/Barbaratagung_2000-1536x910.jpg 1536w, https:\/\/foerderkreis-gw.de\/wp-content\/uploads\/2023\/10\/Barbaratagung_2000-2048x1213.jpg 2048w, https:\/\/foerderkreis-gw.de\/wp-content\/uploads\/2023\/10\/Barbaratagung_2000-500x296.jpg 500w\" sizes=\"auto, (max-width: 1024px) 100vw, 1024px\" \/><figcaption class=\"wp-element-caption\">Zeitungsausschnitt zur Barbara-Tagung 2000<\/figcaption><\/figure>\n<\/div>\n\n\n<p><\/p>\n<\/details>\n\n\n\n<details class=\"wp-block-details is-layout-flow wp-block-details-is-layout-flow\"><summary>1996 &#8211; Gr\u00fcndung Studiengang Physikalische Technik<\/summary>\n<p>Schwerpunkte Materialwissenschaft und Lasertechnik<\/p>\n<\/details>\n\n\n\n<details class=\"wp-block-details is-layout-flow wp-block-details-is-layout-flow\"><summary>1988 &#8211; Satzungs\u00e4nderung<\/summary>\n<p>&nbsp;<\/p>\n<p style=\"padding-left: 40px;\">Die Mitgliederversammlung beschloss am 13. Juli 1988 eine Satzungs\u00e4nderung. Hierbei wurde die Formulierung des Zweckes\u00a0 ge\u00e4ndert und erh\u00e4lt hiermit den aktuell g\u00fcltigen Wortlaut:<\/p>\n<p>&nbsp;<\/p>\n\n\n\n<blockquote>\n<p style=\"padding-left: 40px;\">&#8222;Zweck des Vereins ist die F\u00f6rderung der Wissenschaft und der Aus- und Weiterbildung von Studenten und Jungingenieuren.&#8220;<\/p>\n<\/blockquote>\n<p>&nbsp;<\/p>\n<\/details>\n\n\n\n<details class=\"wp-block-details is-layout-flow wp-block-details-is-layout-flow\"><summary>1987 &#8211; Gr\u00fcndung des F\u00f6rderkreises GW<\/summary>\n<p>&nbsp;<\/p>\n<p style=\"padding-left: 40px;\">Gr\u00fcndung des F\u00f6rderkeises GW durch zw\u00f6lf Mitglieder am 26.01.1987 an der Fachhochschule Friedberg. Hierbei wurde einstimmig dem Vorstand sowie der Satzung zugestimmt.<br \/>Die Unterlagen zur Vereinsgr\u00fcndung wurden am 05.05.1987 an das Amtsgericht in Friedberg \u00fcbersendet. Die Eintragung ins Vereinsregister im Amtsgericht Friedberg erfolgte am 23.06.1987.<\/p>\n<p>&nbsp;<\/p>\n<p style=\"padding-left: 40px;\">Anl\u00e4sslich der 1. ordentlichen Mitgliederversammlung, die am 12. Oktober 1987 in den R\u00e4umen des Weinhauses R\u00f6der in Friedberg stattfand, wurden die ersten Mitgliederbeitr\u00e4ge auf 50,&#8211; DM (bzw. 12,&#8211;DM f\u00fcr Studierende) pro Jahr festgelegt.<\/p>\n<p>&nbsp;<\/p>\n<p>&nbsp;<\/p>\n<\/details>\n\n\n\n<details class=\"wp-block-details is-layout-flow wp-block-details-is-layout-flow\"><summary>1964 &#8211; Erste Barbara-Tagung<\/summary>\n<p style=\"padding-left: 40px;\">Der damilige Fachbereich Gie\u00dferei- und Werkstofftechnik rief 1964 die Barbara-Tagung ins Leben. &#8230;Hier fehlt noch etwas Info, welche Themen die Barbara-Tagung urspr\u00fcnglich abbildete&#8230;<\/p>\n<p style=\"padding-left: 40px;\">Namensgebend f\u00fcr die Tagung ist hierbei die heilige Barbara, welche unter anderem als Schutzpatronin der Bergleute und Gie\u00dfer gilt. Die Tagung findet seitdem im November eines jeden Jahres statt, kurz vor dem Barbaratag, der am 4. Dezember gefeiert wird.<\/p>\n<p style=\"padding-left: 40px;\">Nachfolgend sind zwei Darstellungen der heiligen Barbara aufgef\u00fchrt. Links ein Gem\u00e4lde von Jan van Eyck und rechts ein Gem\u00e4lde von Gabi Heinz (Butzbach, 2010), welches auf Jan van Eyck beruhrt. Gabi Heinz interpretierte in ihrer Version den Hintergrund neu und stellt die Geb\u00e4ude der Technischen Hochschule Mittelhessen am Campus Friedberg dar.<\/p>\n<p>&nbsp;<\/p>\n\n\n\n<div class=\"wp-block-columns is-layout-flex wp-container-core-columns-is-layout-9d6595d7 wp-block-columns-is-layout-flex\">\n<div class=\"wp-block-column is-layout-flow wp-block-column-is-layout-flow\"><div class=\"wp-block-image\">\n<figure class=\"alignright size-full is-resized\"><img loading=\"lazy\" decoding=\"async\" width=\"200\" height=\"200\" src=\"https:\/\/foerderkreis-gw.de\/wp-content\/uploads\/2023\/08\/barbara.jpg\" alt=\"Barbara von Jan van Eyck\" class=\"wp-image-12\" style=\"object-fit:cover;width:250px;height:250px\" srcset=\"https:\/\/foerderkreis-gw.de\/wp-content\/uploads\/2023\/08\/barbara.jpg 200w, https:\/\/foerderkreis-gw.de\/wp-content\/uploads\/2023\/08\/barbara-150x150.jpg 150w\" sizes=\"auto, (max-width: 200px) 100vw, 200px\" \/><figcaption class=\"wp-element-caption\">Barbara von Jan van Eyck<\/figcaption><\/figure>\n<\/div><\/div>\n\n\n\n<div class=\"wp-block-column is-layout-flow wp-block-column-is-layout-flow\"><div class=\"wp-block-image\">\n<figure class=\"alignleft size-large is-resized\"><img loading=\"lazy\" decoding=\"async\" width=\"1016\" height=\"1024\" src=\"https:\/\/foerderkreis-gw.de\/wp-content\/uploads\/2023\/10\/Barbara_GW_2015_10x10_farbe-1016x1024.jpg\" alt=\"\" class=\"wp-image-94\" style=\"width:250px;height:undefinedpx\" srcset=\"https:\/\/foerderkreis-gw.de\/wp-content\/uploads\/2023\/10\/Barbara_GW_2015_10x10_farbe-1016x1024.jpg 1016w, https:\/\/foerderkreis-gw.de\/wp-content\/uploads\/2023\/10\/Barbara_GW_2015_10x10_farbe-298x300.jpg 298w, https:\/\/foerderkreis-gw.de\/wp-content\/uploads\/2023\/10\/Barbara_GW_2015_10x10_farbe-150x150.jpg 150w, https:\/\/foerderkreis-gw.de\/wp-content\/uploads\/2023\/10\/Barbara_GW_2015_10x10_farbe-768x774.jpg 768w, https:\/\/foerderkreis-gw.de\/wp-content\/uploads\/2023\/10\/Barbara_GW_2015_10x10_farbe.jpg 1181w\" sizes=\"auto, (max-width: 1016px) 100vw, 1016px\" \/><figcaption class=\"wp-element-caption\">Barbara von Gabi Heinz 2010<\/figcaption><\/figure>\n<\/div><\/div>\n<\/div>\n<\/details>\n\n\n\n<details class=\"wp-block-details is-layout-flow wp-block-details-is-layout-flow\"><summary>1964 &#8211; Gedicht von Prof. Dr. Helmut Brand &#8222;An Friedberg&#8220;<\/summary>\n<p>&nbsp;<\/p>\n<p style=\"padding-left: 40px;\">Mel.: Heidelberg, du Jugendbronnen<\/p>\n<p>&nbsp;<\/p>\n<p style=\"padding-left: 40px;\">1. An des Taunus gr\u00fcnen W\u00e4lder, wo die Winde wehen rauh, <br \/>liegt die Stadt inmitten Feldern, in der goldnen Wetterau.<br \/>Stadt, die du uns hast gegeben, uns`rer Jugend sch\u00f6nste Jahr`:<br \/>Friedberg, du sollst ewig leben, sei gegr\u00fc\u00dft immerdar!:<\/p>\n<p>&nbsp;<\/p>\n<p style=\"padding-left: 40px;\">2. Schon vor vielen hudert Jahren, zog`s die R\u00f6mer zu dir her,<br \/>und sie bauten kunsterfahren, hier des Limes starke Wehr.<br \/>Doch der Chatten hehre Recken, k\u00e4mpften voller Tapferkeit,<br \/>Lie\u00dfen sich von R\u00f6mern nicht schrecken, vertrieben sie in kurzer Zeit!:<\/p>\n<p>&nbsp;<\/p>\n<p style=\"padding-left: 40px;\">3. Und der erste Kaiser Friedrich, Barbarossa auch genannt, <br \/>baute eine stoze Burg sich, die im ganzen Reich bekannt.<br \/>Und noch heute gr\u00fc\u00dft von Ferne, trutzig her der Adolfsturm, <br \/>er recht empor sich an die Sterne, \u00fcberdauert manchen Sturm!:<\/p>\n<p>&nbsp;<\/p>\n<p style=\"padding-left: 40px;\">4. All`die R\u00f6mer, Kaiser, F\u00fcrsten, sanken in das Grab hinein,<br \/>doch darum woll`n wir nicht d\u00fcrsten, Freunde la\u00dft uns fr\u00f6hlich sein. <br \/>La\u00dft die vollen Humpen kreisen, leert sie aus bis auf den Grund!<br \/>Friedberg, dich nur woll`n wir preisen, dein Lob singe jeder Mund!:<\/p>\n<p>&nbsp;<\/p>\n<p style=\"padding-left: 40px;\">5. Und wir Gie\u00dfer tragen weiter, Friedbergs Ruhm in alle Welt.<br \/>Sei`n wir stets im Herzen heiter, uns bek\u00fcmmre nicht das Geld. <br \/>Gie\u00dfer woll`n wir sein und bleiben, uns`re Kunst ist gro\u00df und alt.:<br \/>La\u00dft in Freu sie uns betreiben, Friedbergs Ehr`werd`niemals kalt!:<\/p>\n<\/details>\n<\/div><\/div>\n\n\n\n<p><\/p>\n\n\n\n<div class=\"wp-block-group\"><div class=\"wp-block-group__inner-container is-layout-constrained wp-block-group-is-layout-constrained\">\n<h2 class=\"wp-block-heading\" id=\"HistorieVorst\u00e4nde\">Historie der Vorst\u00e4nde<\/h2>\n\n\n\n<details class=\"wp-block-details is-layout-flow wp-block-details-is-layout-flow\"><summary>ab 2009<\/summary>\n<p><\/p>\n\n\n\n<figure class=\"wp-block-table is-style-regular\"><table class=\"has-fixed-layout\"><tbody><tr><td class=\"has-text-align-right\" data-align=\"right\">Gesch\u00e4ftsf\u00fchrer:<\/td><td class=\"has-text-align-left\" data-align=\"left\">Prof. Dr. Klaus Behler<\/td><\/tr><tr><td class=\"has-text-align-right\" data-align=\"right\">Schatzmeister:<\/td><td class=\"has-text-align-left\" data-align=\"left\">Walter Fehr<\/td><\/tr><tr><td class=\"has-text-align-right\" data-align=\"right\">Schriftf\u00fchrer:<\/td><td class=\"has-text-align-left\" data-align=\"left\">Dipl.-Ing. Klaus Schmidt<\/td><\/tr><\/tbody><\/table><figcaption class=\"wp-element-caption\">Beschlossen am 28. November 1997<\/figcaption><\/figure>\n<\/details>\n\n\n\n<details class=\"wp-block-details is-layout-flow wp-block-details-is-layout-flow\"><summary>1997<\/summary>\n<p><\/p>\n\n\n\n<figure class=\"wp-block-table is-style-regular\"><table class=\"has-fixed-layout\"><tbody><tr><td class=\"has-text-align-right\" data-align=\"right\">Gesch\u00e4ftsf\u00fchrer:<\/td><td class=\"has-text-align-left\" data-align=\"left\">Dr. Bruno Prinz<\/td><\/tr><tr><td class=\"has-text-align-right\" data-align=\"right\">Schatzmeister:<\/td><td class=\"has-text-align-left\" data-align=\"left\">Walter Fehr<\/td><\/tr><tr><td class=\"has-text-align-right\" data-align=\"right\">Schriftf\u00fchrer:<\/td><td class=\"has-text-align-left\" data-align=\"left\">Anton Sporn<\/td><\/tr><\/tbody><\/table><figcaption class=\"wp-element-caption\">Beschlossen am 28. November 1997<\/figcaption><\/figure>\n<\/details>\n\n\n\n<details class=\"wp-block-details is-layout-flow wp-block-details-is-layout-flow\"><summary>1990<\/summary>\n<p><\/p>\n\n\n\n<figure class=\"wp-block-table is-style-regular\"><table class=\"has-fixed-layout\"><tbody><tr><td class=\"has-text-align-right\" data-align=\"right\">Gesch\u00e4ftsf\u00fchrer:<\/td><td class=\"has-text-align-left\" data-align=\"left\">Prof. Dr. Helmut Brand <\/td><\/tr><tr><td class=\"has-text-align-right\" data-align=\"right\">Schatzmeister:<\/td><td class=\"has-text-align-left\" data-align=\"left\">Prof. Dr. J\u00fcrgen Fehling<\/td><\/tr><tr><td class=\"has-text-align-right\" data-align=\"right\">Schriftf\u00fchrer:<\/td><td class=\"has-text-align-left\" data-align=\"left\">Dipl.-Ing. Erk-Uwe Schwarzer<\/td><\/tr><\/tbody><\/table><figcaption class=\"wp-element-caption\">Beschlossen am 30. November 1990<\/figcaption><\/figure>\n<\/details>\n\n\n\n<details class=\"wp-block-details is-layout-flow wp-block-details-is-layout-flow\"><summary>1987 &#8211; Gr\u00fcndung des F\u00f6rderkreises <\/summary>\n<p><\/p>\n\n\n\n<figure class=\"wp-block-table is-style-regular\"><table class=\"has-fixed-layout\"><tbody><tr><td class=\"has-text-align-right\" data-align=\"right\">Gesch\u00e4ftsf\u00fchrerin:<\/td><td class=\"has-text-align-left\" data-align=\"left\">Sybille Hartmann-Raffelsiefen <\/td><\/tr><tr><td class=\"has-text-align-right\" data-align=\"right\">Schatzmeister:<\/td><td class=\"has-text-align-left\" data-align=\"left\">Prof. Dr. J\u00fcrgen Fehling<\/td><\/tr><tr><td class=\"has-text-align-right\" data-align=\"right\">Schriftf\u00fchrer:<\/td><td class=\"has-text-align-left\" data-align=\"left\">Prof. Dr. Helmut Brand<\/td><\/tr><\/tbody><\/table><figcaption class=\"wp-element-caption\">Beschlossen am 26. Januar 1987<\/figcaption><\/figure>\n<\/details>\n<\/div><\/div>\n","protected":false},"excerpt":{"rendered":"<p>&#8222;Zweck des Vereins ist die F\u00f6rderung der Ausbildung und Weiterbildung von Studenten und Jungingenieuren.&#8220; Satzung vom 26.Januar 1987 Mit diesem Ziel wurde der F\u00f6rderkreis Gie\u00dferei- und Werkstofftechnik am 26. Januar 1987 durch die erste Mitgliederversammlung gegr\u00fcndet. Diese fand damals in &hellip; <a href=\"https:\/\/foerderkreis-gw.de\/?page_id=43\">Weiterlesen <span class=\"meta-nav\">&rarr;<\/span><\/a><\/p>\n","protected":false},"author":3,"featured_media":0,"parent":0,"menu_order":0,"comment_status":"closed","ping_status":"closed","template":"","meta":{"ngg_post_thumbnail":0,"footnotes":""},"class_list":["post-43","page","type-page","status-publish","hentry"],"_links":{"self":[{"href":"https:\/\/foerderkreis-gw.de\/index.php?rest_route=\/wp\/v2\/pages\/43","targetHints":{"allow":["GET"]}}],"collection":[{"href":"https:\/\/foerderkreis-gw.de\/index.php?rest_route=\/wp\/v2\/pages"}],"about":[{"href":"https:\/\/foerderkreis-gw.de\/index.php?rest_route=\/wp\/v2\/types\/page"}],"author":[{"embeddable":true,"href":"https:\/\/foerderkreis-gw.de\/index.php?rest_route=\/wp\/v2\/users\/3"}],"replies":[{"embeddable":true,"href":"https:\/\/foerderkreis-gw.de\/index.php?rest_route=%2Fwp%2Fv2%2Fcomments&post=43"}],"version-history":[{"count":60,"href":"https:\/\/foerderkreis-gw.de\/index.php?rest_route=\/wp\/v2\/pages\/43\/revisions"}],"predecessor-version":[{"id":580,"href":"https:\/\/foerderkreis-gw.de\/index.php?rest_route=\/wp\/v2\/pages\/43\/revisions\/580"}],"wp:attachment":[{"href":"https:\/\/foerderkreis-gw.de\/index.php?rest_route=%2Fwp%2Fv2%2Fmedia&parent=43"}],"curies":[{"name":"wp","href":"https:\/\/api.w.org\/{rel}","templated":true}]}}